{"id":3,"date":"2019-09-04T09:53:50","date_gmt":"2019-09-04T07:53:50","guid":{"rendered":"http:\/\/irisbilan.fr\/?page_id=3"},"modified":"2025-07-17T11:31:06","modified_gmt":"2025-07-17T09:31:06","slug":"politique-de-confidentialite","status":"publish","type":"page","link":"https:\/\/www.irisbilan.fr\/index.php\/politique-de-confidentialite\/","title":{"rendered":"Politique de confidentialit\u00e9"},"content":{"rendered":"\r\n<p>Devant le d\u00e9veloppement des nouveaux outils de communication, il est n\u00e9cessaire de porter une attention particuli\u00e8re \u00e0 la protection de la vie priv\u00e9e. C&rsquo;est pourquoi, nous nous engageons \u00e0 respecter la confidentialit\u00e9 des renseignements personnels que nous collectons. Leur traitement est s\u00e9curis\u00e9, et le contenu des donn\u00e9es n&rsquo;est ni pr\u00eat\u00e9, ni lou\u00e9, ni donn\u00e9, ni vendu.<\/p>\r\n<h2 class=\"wp-block-heading\">Qui sommes-nous\u00a0?<\/h2>\r\n<p>L\u2019adresse de notre site Web est : http:\/\/www.irisbilan.fr<\/p>\r\n<p><strong>Mentions l\u00e9gales :<\/strong>\u00a0<\/p>\r\n<p>Sylvie BEGUIN 32 Avenue Albert 1er 92500 RUEIL MALMAISON &#8211; sylviebeguin@irisbilan.fr &#8211; 06 84 05 08 26 &#8211; N\u00b0SIRET : 51526860500026 &#8211; Inscrite sur le r\u00e9pertoire des professionnels de sant\u00e9 de l\u2019ARS (num\u00e9ro ADELI : 929330025) &#8211; Num\u00e9ro de d\u00e9claration d&rsquo;activit\u00e9 d\u00e9clar\u00e9 aupr\u00e8s de la DIRECCTE 11 78 81732 78, sous le nom de Sylvie BEGUIN. &#8211; Directeur de la publication : Sylvie BEGUIN &#8211; H\u00e9bergeur du site : OVH 2 rue Kellermann 59100 ROUBAIX tel : 09 72 10 10 07<\/p>\r\n<p>Pour nous joindre par courrier ou mail :<\/p>\r\n<p>Sylvie BEGUIN &#8211; 32 Avenue Albert 1er &#8211; 92500 RUEIL MALMAISON &#8211; sylviebeguin@irisbilan.fr<\/p>\r\n<p>Notre site est h\u00e9berg\u00e9 chez <a href=\"https:\/\/www.ovh.com\/fr\/protection-donnees-personnelles\/\" target=\"_blank\" rel=\"noopener noreferrer\">OVH<\/a> qui suit la r\u00e9glementation du RGDP.<\/p>\r\n<p><strong>M\u00e9diation<\/strong><\/p>\r\n<p>Conform\u00e9ment \u00e0 l&rsquo;article L. 612-1 du Code de la consommation, le consommateur, sous r\u00e9serve de l\u2019article L.612.2 du code de la consommation, a la facult\u00e9 d\u2019introduire une demande de r\u00e9solution amiable par voie de m\u00e9diation, dans un d\u00e9lai inf\u00e9rieur \u00e0 un an \u00e0 compter de sa r\u00e9clamation \u00e9crite aupr\u00e8s du professionnel.<\/p>\r\n<p>Cet \u00e9tablissement a d\u00e9sign\u00e9, par adh\u00e9sion enregistr\u00e9e sous le num\u00e9ro <strong>31357\/VA\/2204,<\/strong> la\u00a0<strong>SAS M\u00e9diation Solution<\/strong>\u00a0comme entit\u00e9 de m\u00e9diation de la consommation.<\/p>\r\n<p>Pour saisir le m\u00e9diateur, le consommateur doit formuler sa demande :<\/p>\r\n<p>&#8211; Soit par \u00e9crit \u00e0 :<\/p>\r\n<p>Sas M\u00e9diation Solution<\/p>\r\n<p>222 chemin de la bergerie<\/p>\r\n<p>01800 Saint Jean de Niost<\/p>\r\n<p>Tel. 04 82 53 93 06<\/p>\r\n<p>&#8211; Soit par mail \u00e0 :\u00a0<a href=\"mailto:contact@sasmediationsolution-conso.fr\">contact@sasmediationsolution-conso.fr<\/a><\/p>\r\n<p>&#8211; Soit en remplissant le formulaire en ligne intitul\u00e9 \u00ab Saisir le m\u00e9diateur \u00bb sur le site\u00a0<a href=\"https:\/\/www.sasmediationsolution-conso.fr\/\">https:\/\/www.sasmediationsolution-conso.fr<\/a><\/p>\r\n<p>Quel que soit le moyen de saisine utilis\u00e9, la demande doit imp\u00e9rativement contenir :<\/p>\r\n<p>&#8211; Les coordonn\u00e9es postales, t\u00e9l\u00e9phoniques et \u00e9lectroniques du demandeur,<\/p>\r\n<p>&#8211; Le nom et l\u2019adresse et le num\u00e9ro d\u2019enregistrement chez Sas M\u00e9diation Solution, du professionnel concern\u00e9,<\/p>\r\n<p>&#8211; Un expos\u00e9 succinct des faits. Le consommateur pr\u00e9cisera au m\u00e9diateur ce qu\u2019il attend de cette m\u00e9diation et pourquoi,<\/p>\r\n<p>&#8211; Copie de la r\u00e9clamation pr\u00e9alable,<\/p>\r\n<p>&#8211; tous documents permettant l\u2019instruction de la demande (bon de commande, facture, justificatif de paiement, etc.)<\/p>\r\n<h2>Utilisation des donn\u00e9es personnelles collect\u00e9es<\/h2>\r\n<p>Nous collectons les renseignements suivants :<\/p>\r\n<ul>\r\n<li>Nom<\/li>\r\n<li>Pr\u00e9nom<\/li>\r\n<li>Adresse \u00e9lectronique<\/li>\r\n<li>Num\u00e9ro de t\u00e9l\u00e9phone<\/li>\r\n<li>Genre<\/li>\r\n<\/ul>\r\n<p>Les renseignements personnels que nous collectons sont recueillis au travers d&rsquo;un formulaire de contact et gr\u00e2ce \u00e0 l&rsquo;interactivit\u00e9 \u00e9ventuelle \u00e9tablie entre vous et notre site Web. Nous utilisons \u00e9galement, comme indiqu\u00e9 dans la section suivante, des fichiers t\u00e9moins et\/ou journaux pour r\u00e9unir des informations vous concernant.<\/p>\r\n<h2>Fichiers journaux et t\u00e9moins<\/h2>\r\n<p>Nous recueillons certaines informations par le biais de fichiers journaux (log file) et de fichiers t\u00e9moins (cookies). Il s&rsquo;agit principalement des informations suivantes :<\/p>\r\n<ul>\r\n<li>Adresse IP<\/li>\r\n<li>Syst\u00e8me d&rsquo;exploitation<\/li>\r\n<li>Pages visit\u00e9es et requ\u00eates<\/li>\r\n<li>Heure et jour de connexion<\/li>\r\n<\/ul>\r\n<p>Le recours \u00e0 de tels fichiers nous permet :<\/p>\r\n<ul>\r\n<li>Am\u00e9lioration du service et accueil personnalis\u00e9<\/li>\r\n<li>Profil personnalis\u00e9 de consommation<\/li>\r\n<li>Statistique<\/li>\r\n<\/ul>\r\n<h3>Commentaires<\/h3>\r\n<p>Quand vous laissez un commentaire sur notre site web, les donn\u00e9es inscrites dans le formulaire de commentaire, mais aussi votre adresse IP et l\u2019agent utilisateur de votre navigateur sont collect\u00e9s pour nous aider \u00e0 la d\u00e9tection des commentaires ind\u00e9sirables.<\/p>\r\n<p>Une cha\u00eene anonymis\u00e9e cr\u00e9\u00e9e \u00e0 partir de votre adresse de messagerie (\u00e9galement appel\u00e9e hash) peut \u00eatre envoy\u00e9e au service Gravatar pour v\u00e9rifier si vous utilisez ce dernier. Les clauses de confidentialit\u00e9 du service Gravatar sont disponibles ici\u00a0: https:\/\/automattic.com\/privacy\/. Apr\u00e8s validation de votre commentaire, votre photo de profil sera visible publiquement \u00e0 cot\u00e9 de votre commentaire.<\/p>\r\n<h3>M\u00e9dias<\/h3>\r\n<p>Si vous \u00eates un utilisateur ou une utilisatrice enregistr\u00e9\u00b7e et que vous t\u00e9l\u00e9versez des images sur le site web, nous vous conseillons d\u2019\u00e9viter de t\u00e9l\u00e9verser des images contenant des donn\u00e9es EXIF de coordonn\u00e9es GPS. Les visiteurs de votre site web peuvent t\u00e9l\u00e9charger et extraire des donn\u00e9es de localisation depuis ces images.<\/p>\r\n<h3>Formulaires de contact<\/h3>\r\n<p>Vos renseignements personnels sont collect\u00e9s par le biais du formulaire d&rsquo;inscription au site Web.<\/p>\r\n<p>Nous utilisons les renseignements ainsi collect\u00e9s pour les finalit\u00e9s suivantes :<\/p>\r\n<ul>\r\n<li>r\u00e9ponse aux Informations demand\u00e9es<\/li>\r\n<li>Statistiques<\/li>\r\n<li>Contact<\/li>\r\n<li>Gestion du site Web (pr\u00e9sentation, organisation)<\/li>\r\n<\/ul>\r\n<p>Vos renseignements sont \u00e9galement collect\u00e9s par le biais de l&rsquo;interactivit\u00e9 pouvant s&rsquo;\u00e9tablir entre vous et notre site Web et ce, de la fa\u00e7on suivante:<\/p>\r\n<ul>\r\n<li>Statistiques<\/li>\r\n<li>Contact<\/li>\r\n<li>Gestion du site Web (pr\u00e9sentation, organisation)<\/li>\r\n<\/ul>\r\n<p>Nous utilisons les renseignements ainsi collect\u00e9s pour les finalit\u00e9s suivantes :<\/p>\r\n<ul>\r\n<li>Correspondance<\/li>\r\n<li>Informations ou pour des offres promotionnelles.<\/li>\r\n<\/ul>\r\n<h3>Cookies<\/h3>\r\n<p>Si vous d\u00e9posez un commentaire sur notre site, il vous sera propos\u00e9 d\u2019enregistrer votre nom, adresse de messagerie et site web dans des cookies. C\u2019est uniquement pour votre confort afin de ne pas avoir \u00e0 saisir ces informations si vous d\u00e9posez un autre commentaire plus tard. Ces cookies expirent au bout d\u2019un an.<\/p>\r\n<p>Si vous avez un compte et que vous vous connectez sur ce site, un cookie temporaire sera cr\u00e9\u00e9 afin de d\u00e9terminer si votre navigateur accepte les cookies. Il ne contient pas de donn\u00e9es personnelles et sera supprim\u00e9 automatiquement \u00e0 la fermeture de votre navigateur.<\/p>\r\n<p>Lorsque vous vous connecterez, nous mettrons en place un certain nombre de cookies pour enregistrer vos informations de connexion et vos pr\u00e9f\u00e9rences d\u2019\u00e9cran. La dur\u00e9e de vie d\u2019un cookie de connexion est de deux jours, celle d\u2019un cookie d\u2019option d\u2019\u00e9cran est d\u2019un an. Si vous cochez \u00ab\u00a0Se souvenir de moi\u00a0\u00bb, votre cookie de connexion sera conserv\u00e9 pendant deux semaines. Si vous vous d\u00e9connectez de votre compte, le cookie de connexion sera effac\u00e9.<\/p>\r\n<p>En modifiant ou en publiant un article, un cookie suppl\u00e9mentaire sera enregistr\u00e9 dans votre navigateur. Ce cookie ne comprend aucune donn\u00e9e personnelle. Il indique simplement l\u2019identifiant de l\u2019article que vous venez de modifier. Il expire au bout d\u2019un jour.<\/p>\r\n<h3>Contenu embarqu\u00e9 depuis d\u2019autres sites<\/h3>\r\n<p>Les articles de ce site peuvent inclure des contenus int\u00e9gr\u00e9s (par exemple des vid\u00e9os, images, articles\u2026). Le contenu int\u00e9gr\u00e9 depuis d\u2019autres sites se comporte de la m\u00eame mani\u00e8re que si le visiteur se rendait sur cet autre site.<\/p>\r\n<p>Ces sites web pourraient collecter des donn\u00e9es sur vous, utiliser des cookies, embarquer des outils de suivis tiers, suivre vos interactions avec ces contenus embarqu\u00e9s si vous disposez d\u2019un compte connect\u00e9 sur leur site web.<\/p>\r\n<h2>Utilisation et transmission de vos donn\u00e9es personnelles<\/h2>\r\n<p>Nous ne vendons, n&rsquo;\u00e9changeons et ne transf\u00e9rons aucune de vos informations personnelles \u00e0 des tiers.<\/p>\r\n<h2>Dur\u00e9es de stockage de vos donn\u00e9es<\/h2>\r\n<p>Les donn\u00e9es collect\u00e9es via le formulaire de contact sont stock\u00e9es le temps du traitement de r\u00e9ponse \u00e0 votre question, et nous nous engageons \u00e0 ne pas les utiliser \u00e0 des fins commerciales, au del\u00e0 de votre demande.<\/p>\r\n<p>Si vous vous abonnez \u00e0 notre newsletter, vous stockons le temps de votre abonnement les donn\u00e9es suivantes : nom, pr\u00e9nom, adresse mail. Vous pouvez \u00e0 tout moment vous d\u00e9scrire de notre newsletter par notre formulaire de contact ou par mail : sylviebeguin@irisaccompagnement.fr. Des instructions de d\u00e9sabonnement d\u00e9taill\u00e9es sont \u00e9galement incluses en bas de chaque e-mail. Nos newsletters sont envoy\u00e9es via une plateforme prestataire (<a href=\"http:\/\/fr.sendinblue.com\/legal\/privacypolicy\/\" target=\"_blank\" rel=\"noopener noreferrer\">Brevo<\/a>) qui r\u00e9pond \u00e9galement aux exigences du RGPD.<\/p>\r\n<p>Si vous laissez un commentaire, le commentaire et ses m\u00e9tadonn\u00e9es sont conserv\u00e9s ind\u00e9finiment. Cela permet de reconna\u00eetre et approuver automatiquement les commentaires suivants au lieu de les laisser dans la file de mod\u00e9ration.<\/p>\r\n<p>Pour les utilisateurs et utilisatrices qui s\u2019enregistrent sur notre site (si cela est possible), nous stockons \u00e9galement les donn\u00e9es personnelles indiqu\u00e9es dans leur profil. Tous les utilisateurs et utilisatrices peuvent voir, modifier ou supprimer leurs informations personnelles \u00e0 tout moment (\u00e0 l\u2019exception de leur nom d\u2019utilisateur\u00b7ice). Les gestionnaires du site peuvent aussi voir et modifier ces informations.<\/p>\r\n<h2>Les droits que vous avez sur vos donn\u00e9es<\/h2>\r\n<p>Si vous avez utilis\u00e9 notre formulaire de contact ou si vous avez laiss\u00e9 des commentaires sur le site, vous pouvez demander \u00e0 recevoir un fichier contenant toutes les donn\u00e9es personnelles que nous poss\u00e9dons \u00e0 votre sujet, incluant celles que vous nous avez fournies. Vous pouvez \u00e9galement demander la suppression des donn\u00e9es personnelles vous concernant.<\/p>\r\n<p>Nous nous engageons \u00e0 reconna\u00eetre un droit d&rsquo;acc\u00e8s et de rectification aux personnes concern\u00e9es d\u00e9sireuses de consulter, modifier, voire radier les informations les concernant.<br \/>L&rsquo;exercice de ce droit se fera :<br \/>Code postal : 32 AVENUE ALBERT 1ER, RUEIL MALMAISON 92500<br \/>Courriel :\u00a0<a href=\"mailto:sylviebeguin@irisaccompagnement.fr\">sylviebeguin@irisaccompagnement.fr<\/a><br \/>T\u00e9l\u00e9phone : +33684050826<\/p>\r\n<h2>Transmission de vos donn\u00e9es personnelles<\/h2>\r\n<p>Les commentaires des visiteurs peuvent \u00eatre v\u00e9rifi\u00e9s \u00e0 l\u2019aide d\u2019un service automatis\u00e9 de d\u00e9tection des commentaires ind\u00e9sirables.<\/p>\r\n<h2>Informations suppl\u00e9mentaires<\/h2>\r\n<h3>Comment nous prot\u00e9geons vos donn\u00e9es<\/h3>\r\n<p>Les renseignements personnels que nous collectons sont conserv\u00e9s dans un environnement s\u00e9curis\u00e9.<br \/>Pour assurer la s\u00e9curit\u00e9 de vos renseignements personnels, nous avons recours aux mesures suivantes :<\/p>\r\n<ul>\r\n<li>Gestion des acc\u00e8s &#8211; personne autoris\u00e9e<\/li>\r\n<li>Logiciel de surveillance du r\u00e9seau<\/li>\r\n<li>Sauvegarde informatique<\/li>\r\n<li>Identifiant \/ mot de passe<\/li>\r\n<li>Pare-feu (Firewalls)<\/li>\r\n<\/ul>\r\n<p>Nous nous engageons \u00e0 maintenir un haut degr\u00e9 de confidentialit\u00e9 en int\u00e9grant les derni\u00e8res innovations technologiques permettant d&rsquo;assurer la confidentialit\u00e9 de vos transactions. Toutefois, comme aucun m\u00e9canisme n&rsquo;offre une s\u00e9curit\u00e9 maximale, une part de risque est toujours pr\u00e9sente lorsque l&rsquo;on utilise Internet pour transmettre des renseignements personnels.<\/p>\r\n<h3>Consentement<\/h3>\r\n<p>En utilisant notre site, vous consentez \u00e0 notre politique de confidentialit\u00e9.<\/p>\r\n","protected":false},"excerpt":{"rendered":"<p>Devant le d\u00e9veloppement des nouveaux outils de communication, il est n\u00e9cessaire de porter une attention particuli\u00e8re \u00e0 la protection de la vie priv\u00e9e. C&rsquo;est pourquoi, nous nous engageons \u00e0 respecter la confidentialit\u00e9 des renseignements personnels que nous collectons. Leur traitement est s\u00e9curis\u00e9, et le contenu des donn\u00e9es n&rsquo;est ni pr\u00eat\u00e9, ni lou\u00e9, ni donn\u00e9, ni &hellip; <\/p>\n<p class=\"link-more\"><a href=\"https:\/\/www.irisbilan.fr\/index.php\/politique-de-confidentialite\/\" class=\"more-link\">Continuer la lecture<span class=\"screen-reader-text\"> de &laquo;&nbsp;Politique de confidentialit\u00e9&nbsp;&raquo;<\/span><\/a><\/p>\n","protected":false},"author":1,"featured_media":0,"parent":0,"menu_order":0,"comment_status":"closed","ping_status":"closed","template":"","meta":{"footnotes":""},"class_list":["post-3","page","type-page","status-publish","hentry"],"yoast_head":"<!-- This site is optimized with the Yoast SEO plugin v26.0 - https:\/\/yoast.com\/wordpress\/plugins\/seo\/ -->\n<title>Politique de confidentialit\u00e9 - Centre de bilan de comp\u00e9tences IrisBilan<\/title>\n<meta name=\"robots\" content=\"index, follow, max-snippet:-1, max-image-preview:large, max-video-preview:-1\" \/>\n<link rel=\"canonical\" href=\"https:\/\/www.irisbilan.fr\/index.php\/politique-de-confidentialite\/\" \/>\n<meta property=\"og:locale\" content=\"fr_FR\" \/>\n<meta property=\"og:type\" content=\"article\" \/>\n<meta property=\"og:title\" content=\"Politique de confidentialit\u00e9 - Centre de bilan de comp\u00e9tences IrisBilan\" \/>\n<meta property=\"og:description\" content=\"Devant le d\u00e9veloppement des nouveaux outils de communication, il est n\u00e9cessaire de porter une attention particuli\u00e8re \u00e0 la protection de la vie priv\u00e9e. C&rsquo;est pourquoi, nous nous engageons \u00e0 respecter la confidentialit\u00e9 des renseignements personnels que nous collectons. Leur traitement est s\u00e9curis\u00e9, et le contenu des donn\u00e9es n&rsquo;est ni pr\u00eat\u00e9, ni lou\u00e9, ni donn\u00e9, ni &hellip; Continuer la lecture de &laquo;&nbsp;Politique de confidentialit\u00e9&nbsp;&raquo;\" \/>\n<meta property=\"og:url\" content=\"https:\/\/www.irisbilan.fr\/index.php\/politique-de-confidentialite\/\" \/>\n<meta property=\"og:site_name\" content=\"Centre de bilan de comp\u00e9tences IrisBilan\" \/>\n<meta property=\"article:publisher\" content=\"https:\/\/www.facebook.com\/beguin.sylvie\/\" \/>\n<meta property=\"article:modified_time\" content=\"2025-07-17T09:31:06+00:00\" \/>\n<meta name=\"twitter:card\" content=\"summary_large_image\" \/>\n<meta name=\"twitter:label1\" content=\"Dur\u00e9e de lecture estim\u00e9e\" \/>\n\t<meta name=\"twitter:data1\" content=\"8 minutes\" \/>\n<script type=\"application\/ld+json\" class=\"yoast-schema-graph\">{\"@context\":\"https:\/\/schema.org\",\"@graph\":[{\"@type\":\"WebPage\",\"@id\":\"https:\/\/www.irisbilan.fr\/index.php\/politique-de-confidentialite\/\",\"url\":\"https:\/\/www.irisbilan.fr\/index.php\/politique-de-confidentialite\/\",\"name\":\"Politique de confidentialit\u00e9 - Centre de bilan de comp\u00e9tences IrisBilan\",\"isPartOf\":{\"@id\":\"https:\/\/www.irisbilan.fr\/#website\"},\"datePublished\":\"2019-09-04T07:53:50+00:00\",\"dateModified\":\"2025-07-17T09:31:06+00:00\",\"breadcrumb\":{\"@id\":\"https:\/\/www.irisbilan.fr\/index.php\/politique-de-confidentialite\/#breadcrumb\"},\"inLanguage\":\"fr-FR\",\"potentialAction\":[{\"@type\":\"ReadAction\",\"target\":[\"https:\/\/www.irisbilan.fr\/index.php\/politique-de-confidentialite\/\"]}]},{\"@type\":\"BreadcrumbList\",\"@id\":\"https:\/\/www.irisbilan.fr\/index.php\/politique-de-confidentialite\/#breadcrumb\",\"itemListElement\":[{\"@type\":\"ListItem\",\"position\":1,\"name\":\"Accueil\",\"item\":\"https:\/\/www.irisbilan.fr\/\"},{\"@type\":\"ListItem\",\"position\":2,\"name\":\"Politique de confidentialit\u00e9\"}]},{\"@type\":\"WebSite\",\"@id\":\"https:\/\/www.irisbilan.fr\/#website\",\"url\":\"https:\/\/www.irisbilan.fr\/\",\"name\":\"Centre de bilan de comp\u00e9tences IrisBilan Rueil\",\"description\":\"Une m\u00e9thode \u00e9prouv\u00e9e et adapt\u00e9e \u00e0 chaque histoire de vie professionnelle !\",\"publisher\":{\"@id\":\"https:\/\/www.irisbilan.fr\/#organization\"},\"potentialAction\":[{\"@type\":\"SearchAction\",\"target\":{\"@type\":\"EntryPoint\",\"urlTemplate\":\"https:\/\/www.irisbilan.fr\/?s={search_term_string}\"},\"query-input\":{\"@type\":\"PropertyValueSpecification\",\"valueRequired\":true,\"valueName\":\"search_term_string\"}}],\"inLanguage\":\"fr-FR\"},{\"@type\":\"Organization\",\"@id\":\"https:\/\/www.irisbilan.fr\/#organization\",\"name\":\"BEGUIN SYLVIE\",\"url\":\"https:\/\/www.irisbilan.fr\/\",\"logo\":{\"@type\":\"ImageObject\",\"inLanguage\":\"fr-FR\",\"@id\":\"https:\/\/www.irisbilan.fr\/#\/schema\/logo\/image\/\",\"url\":\"https:\/\/www.irisbilan.fr\/wp-content\/uploads\/2019\/09\/cropped-IRIS-PETIT.jpg\",\"contentUrl\":\"https:\/\/www.irisbilan.fr\/wp-content\/uploads\/2019\/09\/cropped-IRIS-PETIT.jpg\",\"width\":240,\"height\":98,\"caption\":\"BEGUIN SYLVIE\"},\"image\":{\"@id\":\"https:\/\/www.irisbilan.fr\/#\/schema\/logo\/image\/\"},\"sameAs\":[\"https:\/\/www.facebook.com\/beguin.sylvie\/\",\"https:\/\/www.linkedin.com\/showcase\/11126319\"]}]}<\/script>\n<!-- \/ Yoast SEO plugin. -->","yoast_head_json":{"title":"Politique de confidentialit\u00e9 - Centre de bilan de comp\u00e9tences IrisBilan","robots":{"index":"index","follow":"follow","max-snippet":"max-snippet:-1","max-image-preview":"max-image-preview:large","max-video-preview":"max-video-preview:-1"},"canonical":"https:\/\/www.irisbilan.fr\/index.php\/politique-de-confidentialite\/","og_locale":"fr_FR","og_type":"article","og_title":"Politique de confidentialit\u00e9 - Centre de bilan de comp\u00e9tences IrisBilan","og_description":"Devant le d\u00e9veloppement des nouveaux outils de communication, il est n\u00e9cessaire de porter une attention particuli\u00e8re \u00e0 la protection de la vie priv\u00e9e. C&rsquo;est pourquoi, nous nous engageons \u00e0 respecter la confidentialit\u00e9 des renseignements personnels que nous collectons. Leur traitement est s\u00e9curis\u00e9, et le contenu des donn\u00e9es n&rsquo;est ni pr\u00eat\u00e9, ni lou\u00e9, ni donn\u00e9, ni &hellip; Continuer la lecture de &laquo;&nbsp;Politique de confidentialit\u00e9&nbsp;&raquo;","og_url":"https:\/\/www.irisbilan.fr\/index.php\/politique-de-confidentialite\/","og_site_name":"Centre de bilan de comp\u00e9tences IrisBilan","article_publisher":"https:\/\/www.facebook.com\/beguin.sylvie\/","article_modified_time":"2025-07-17T09:31:06+00:00","twitter_card":"summary_large_image","twitter_misc":{"Dur\u00e9e de lecture estim\u00e9e":"8 minutes"},"schema":{"@context":"https:\/\/schema.org","@graph":[{"@type":"WebPage","@id":"https:\/\/www.irisbilan.fr\/index.php\/politique-de-confidentialite\/","url":"https:\/\/www.irisbilan.fr\/index.php\/politique-de-confidentialite\/","name":"Politique de confidentialit\u00e9 - Centre de bilan de comp\u00e9tences IrisBilan","isPartOf":{"@id":"https:\/\/www.irisbilan.fr\/#website"},"datePublished":"2019-09-04T07:53:50+00:00","dateModified":"2025-07-17T09:31:06+00:00","breadcrumb":{"@id":"https:\/\/www.irisbilan.fr\/index.php\/politique-de-confidentialite\/#breadcrumb"},"inLanguage":"fr-FR","potentialAction":[{"@type":"ReadAction","target":["https:\/\/www.irisbilan.fr\/index.php\/politique-de-confidentialite\/"]}]},{"@type":"BreadcrumbList","@id":"https:\/\/www.irisbilan.fr\/index.php\/politique-de-confidentialite\/#breadcrumb","itemListElement":[{"@type":"ListItem","position":1,"name":"Accueil","item":"https:\/\/www.irisbilan.fr\/"},{"@type":"ListItem","position":2,"name":"Politique de confidentialit\u00e9"}]},{"@type":"WebSite","@id":"https:\/\/www.irisbilan.fr\/#website","url":"https:\/\/www.irisbilan.fr\/","name":"Centre de bilan de comp\u00e9tences IrisBilan Rueil","description":"Une m\u00e9thode \u00e9prouv\u00e9e et adapt\u00e9e \u00e0 chaque histoire de vie professionnelle !","publisher":{"@id":"https:\/\/www.irisbilan.fr\/#organization"},"potentialAction":[{"@type":"SearchAction","target":{"@type":"EntryPoint","urlTemplate":"https:\/\/www.irisbilan.fr\/?s={search_term_string}"},"query-input":{"@type":"PropertyValueSpecification","valueRequired":true,"valueName":"search_term_string"}}],"inLanguage":"fr-FR"},{"@type":"Organization","@id":"https:\/\/www.irisbilan.fr\/#organization","name":"BEGUIN SYLVIE","url":"https:\/\/www.irisbilan.fr\/","logo":{"@type":"ImageObject","inLanguage":"fr-FR","@id":"https:\/\/www.irisbilan.fr\/#\/schema\/logo\/image\/","url":"https:\/\/www.irisbilan.fr\/wp-content\/uploads\/2019\/09\/cropped-IRIS-PETIT.jpg","contentUrl":"https:\/\/www.irisbilan.fr\/wp-content\/uploads\/2019\/09\/cropped-IRIS-PETIT.jpg","width":240,"height":98,"caption":"BEGUIN SYLVIE"},"image":{"@id":"https:\/\/www.irisbilan.fr\/#\/schema\/logo\/image\/"},"sameAs":["https:\/\/www.facebook.com\/beguin.sylvie\/","https:\/\/www.linkedin.com\/showcase\/11126319"]}]}},"_links":{"self":[{"href":"https:\/\/www.irisbilan.fr\/index.php\/wp-json\/wp\/v2\/pages\/3","targetHints":{"allow":["GET"]}}],"collection":[{"href":"https:\/\/www.irisbilan.fr\/index.php\/wp-json\/wp\/v2\/pages"}],"about":[{"href":"https:\/\/www.irisbilan.fr\/index.php\/wp-json\/wp\/v2\/types\/page"}],"author":[{"embeddable":true,"href":"https:\/\/www.irisbilan.fr\/index.php\/wp-json\/wp\/v2\/users\/1"}],"replies":[{"embeddable":true,"href":"https:\/\/www.irisbilan.fr\/index.php\/wp-json\/wp\/v2\/comments?post=3"}],"version-history":[{"count":7,"href":"https:\/\/www.irisbilan.fr\/index.php\/wp-json\/wp\/v2\/pages\/3\/revisions"}],"predecessor-version":[{"id":482014,"href":"https:\/\/www.irisbilan.fr\/index.php\/wp-json\/wp\/v2\/pages\/3\/revisions\/482014"}],"wp:attachment":[{"href":"https:\/\/www.irisbilan.fr\/index.php\/wp-json\/wp\/v2\/media?parent=3"}],"curies":[{"name":"wp","href":"https:\/\/api.w.org\/{rel}","templated":true}]}}